{"id":1247,"date":"2021-10-13T15:24:39","date_gmt":"2021-10-13T14:24:39","guid":{"rendered":"https:\/\/nuriamayola.com\/tratamientos-logopedicos-para-diversos-ambitos\/"},"modified":"2023-12-13T10:01:06","modified_gmt":"2023-12-13T09:01:06","slug":"tratamientos-logopedicos-para-diversos-ambitos","status":"publish","type":"page","link":"https:\/\/nuriamayola.com\/es\/tratamientos-logopedicos-para-diversos-ambitos\/","title":{"rendered":"Tratamientos logop\u00e9dicos para diversos \u00e1mbitos"},"content":{"rendered":"<p>[et_pb_section fb_built=\u00bb1&#8243; fullwidth=\u00bbon\u00bb admin_label=\u00bbHero\u00bb _builder_version=\u00bb4.16&#8243; background_image=\u00bbhttps:\/\/nuriamayola.digitales.site\/wp-content\/uploads\/2021\/10\/hdgdgh.jpg\u00bb parallax=\u00bbon\u00bb top_divider_style=\u00bbclouds2&#8243; top_divider_color=\u00bbrgba(255,255,255,0.3)\u00bb top_divider_height=\u00bb100%\u00bb bottom_divider_height=\u00bb30px\u00bb global_colors_info=\u00bb{}\u00bb][et_pb_fullwidth_header title=\u00bbtratamientos logop\u00e9dicos para diversos \u00e1mbitos\u00bb text_orientation=\u00bbcenter\u00bb _builder_version=\u00bb4.22.2&#8243; title_font=\u00bbRubik|700|||||||\u00bb title_text_color=\u00bb#e62850&#8243; title_font_size=\u00bb40px\u00bb title_letter_spacing=\u00bb6px\u00bb content_font=\u00bbRubik||||||||\u00bb content_font_size=\u00bb20px\u00bb content_line_height=\u00bb2em\u00bb subhead_font=\u00bbRubik|700|||||||\u00bb subhead_text_color=\u00bb#e62850&#8243; subhead_font_size=\u00bb50px\u00bb subhead_line_height=\u00bb1.3em\u00bb background_color=\u00bbrgba(255,255,255,0)\u00bb use_background_color_gradient=\u00bbon\u00bb background_color_gradient_stops=\u00bbrgba(255,255,255,0.7) 0%|#ffffff 100%\u00bb background_color_gradient_start=\u00bbrgba(255,255,255,0.7)\u00bb background_color_gradient_end=\u00bb#ffffff\u00bb background_size=\u00bbcontain\u00bb background_position=\u00bbbottom_center\u00bb custom_button_one=\u00bbon\u00bb button_one_text_size=\u00bb16px\u00bb button_one_text_color=\u00bb#ffffff\u00bb button_one_bg_color=\u00bb#ff7355&#8243; button_one_border_width=\u00bb15px\u00bb button_one_border_color=\u00bbrgba(210,159,104,0)\u00bb button_one_border_radius=\u00bb100px\u00bb button_one_letter_spacing=\u00bb0px\u00bb button_one_font=\u00bbRubik|700|||||||\u00bb button_one_use_icon=\u00bboff\u00bb custom_button_two=\u00bbon\u00bb button_two_text_size=\u00bb16px\u00bb button_two_text_color=\u00bb#ffffff\u00bb button_two_bg_color=\u00bbrgba(0,0,0,0.6)\u00bb button_two_border_width=\u00bb15px\u00bb button_two_border_color=\u00bbrgba(210,159,104,0)\u00bb button_two_border_radius=\u00bb100px\u00bb button_two_letter_spacing=\u00bb0px\u00bb button_two_font=\u00bbRubik|700|||||||\u00bb button_two_use_icon=\u00bboff\u00bb background_layout=\u00bblight\u00bb custom_margin=\u00bb|||\u00bb custom_padding=\u00bb8vw||2vw|||\u00bb animation_style=\u00bbslide\u00bb animation_direction=\u00bbbottom\u00bb animation_intensity_slide=\u00bb1%\u00bb hover_enabled=\u00bb0&#8243; subhead_font_size_tablet=\u00bb\u00bb subhead_font_size_phone=\u00bb30px\u00bb subhead_font_size_last_edited=\u00bbon|phone\u00bb button_one_border_radius_hover=\u00bb100px\u00bb button_two_border_radius_hover=\u00bb100px\u00bb button_one_bg_color_hover=\u00bb#ff8a70&#8243; button_two_bg_color_hover=\u00bb#ff8a70&#8243; global_colors_info=\u00bb{}\u00bb button_one_text_size__hover_enabled=\u00bboff\u00bb button_two_text_size__hover_enabled=\u00bboff\u00bb button_one_text_color__hover_enabled=\u00bboff\u00bb button_two_text_color__hover_enabled=\u00bboff\u00bb button_one_border_width__hover_enabled=\u00bboff\u00bb button_two_border_width__hover_enabled=\u00bboff\u00bb button_one_border_color__hover_enabled=\u00bboff\u00bb button_two_border_color__hover_enabled=\u00bboff\u00bb button_one_border_radius__hover_enabled=\u00bbon\u00bb button_one_border_radius__hover=\u00bb100px\u00bb button_two_border_radius__hover_enabled=\u00bbon\u00bb button_two_border_radius__hover=\u00bb100px\u00bb button_one_letter_spacing__hover_enabled=\u00bboff\u00bb button_two_letter_spacing__hover_enabled=\u00bboff\u00bb button_one_bg_color__hover_enabled=\u00bbon\u00bb button_one_bg_color__hover=\u00bb#ff8a70&#8243; button_two_bg_color__hover_enabled=\u00bbon\u00bb button_two_bg_color__hover=\u00bb#ff8a70&#8243; sticky_enabled=\u00bb0&#8243;]<\/p>\n<p>&nbsp;<\/p>\n<p class=\"p1\"><b>La comunicaci\u00f3n verbal necesita siempre el mensaje hablado. Por eso, la dicci\u00f3n debe ser siempre clara y comprensible<\/b>.<\/p>\n<p>[\/et_pb_fullwidth_header][\/et_pb_section][et_pb_section fb_built=\u00bb1&#8243; admin_label=\u00bbAdmissions\u00bb _builder_version=\u00bb4.16&#8243; use_background_color_gradient=\u00bbon\u00bb background_color_gradient_stops=\u00bb#ffffff 0%|#e3e3e8 100%\u00bb background_color_gradient_start=\u00bb#ffffff\u00bb background_color_gradient_end=\u00bb#e3e3e8&#8243; background_image=\u00bbhttps:\/\/nuriamayola.digitales.site\/wp-content\/uploads\/2021\/10\/shapes-bg-1.png\u00bb parallax=\u00bbon\u00bb custom_padding=\u00bb||54px|||\u00bb global_colors_info=\u00bb{}\u00bb][et_pb_row column_structure=\u00bb1_2,1_2&#8243; _builder_version=\u00bb4.16&#8243; global_colors_info=\u00bb{}\u00bb][et_pb_column type=\u00bb1_2&#8243; _builder_version=\u00bb4.16&#8243; custom_padding=\u00bb|||\u00bb global_colors_info=\u00bb{}\u00bb custom_padding__hover=\u00bb|||\u00bb][et_pb_text _builder_version=\u00bb4.22.2&#8243; text_font=\u00bbRubik|500|||||||\u00bb text_font_size=\u00bb16px\u00bb text_line_height=\u00bb2em\u00bb header_font=\u00bb||||||||\u00bb header_2_font=\u00bb||||||||\u00bb header_3_font=\u00bbRubik|700|||||||\u00bb header_3_text_color=\u00bb#2b76df\u00bb header_3_font_size=\u00bb42px\u00bb header_5_font=\u00bb|600|||||||\u00bb max_width=\u00bb700px\u00bb module_alignment=\u00bbcenter\u00bb custom_margin=\u00bb||10px|||\u00bb custom_margin_tablet=\u00bb0px|||\u00bb custom_margin_last_edited=\u00bboff|desktop\u00bb animation_style=\u00bbzoom\u00bb animation_intensity_zoom=\u00bb10%\u00bb hover_enabled=\u00bb0&#8243; text_line_height_last_edited=\u00bboff|desktop\u00bb header_2_font_size_phone=\u00bb30px\u00bb header_2_font_size_last_edited=\u00bboff|desktop\u00bb global_colors_info=\u00bb{}\u00bb sticky_enabled=\u00bb0&#8243;]<\/p>\n<h3><span style=\"color: #e62850;\">01.<\/span><\/h3>\n<p class=\"p1\"><span class=\"s1\">Estimulaci\u00f3n del habla y del lenguaje<\/span><\/p>\n<p>[\/et_pb_text][et_pb_text _builder_version=\u00bb4.22.2&#8243; text_font=\u00bbRubik|500|||||||\u00bb text_font_size=\u00bb16px\u00bb text_line_height=\u00bb2em\u00bb header_font=\u00bb||||||||\u00bb header_2_font=\u00bb||||||||\u00bb header_3_font=\u00bbRubik|700|||||||\u00bb header_3_text_color=\u00bb#2b76df\u00bb header_3_font_size=\u00bb42px\u00bb header_5_font=\u00bb|600|||||||\u00bb max_width=\u00bb700px\u00bb module_alignment=\u00bbcenter\u00bb custom_margin=\u00bb||8px|||\u00bb custom_margin_tablet=\u00bb0px|||\u00bb custom_margin_last_edited=\u00bboff|desktop\u00bb animation_style=\u00bbzoom\u00bb animation_intensity_zoom=\u00bb10%\u00bb hover_enabled=\u00bb0&#8243; text_line_height_last_edited=\u00bboff|desktop\u00bb header_2_font_size_phone=\u00bb30px\u00bb header_2_font_size_last_edited=\u00bboff|desktop\u00bb global_colors_info=\u00bb{}\u00bb sticky_enabled=\u00bb0&#8243;]<\/p>\n<h3><span style=\"color: #e62850;\">02.<\/span><\/h3>\n<p class=\"p1\"><span class=\"s1\">Retraso del habla y del lenguaje<\/span><\/p>\n<p>[\/et_pb_text][et_pb_text disabled_on=\u00bboff|off|off\u00bb _builder_version=\u00bb4.21.0&#8243; text_font=\u00bbRubik|500|||||||\u00bb text_font_size=\u00bb16px\u00bb text_line_height=\u00bb2em\u00bb ul_font=\u00bb|300|||||||\u00bb header_font=\u00bb||||||||\u00bb header_2_font=\u00bb||||||||\u00bb header_3_font=\u00bbRubik|700|||||||\u00bb header_3_text_color=\u00bb#2b76df\u00bb header_3_font_size=\u00bb42px\u00bb header_5_font=\u00bb|600|||||||\u00bb max_width=\u00bb700px\u00bb module_alignment=\u00bbcenter\u00bb custom_margin=\u00bb||9px|||\u00bb custom_margin_tablet=\u00bb0px|||\u00bb custom_margin_last_edited=\u00bboff|desktop\u00bb animation_style=\u00bbzoom\u00bb animation_intensity_zoom=\u00bb10%\u00bb text_line_height_last_edited=\u00bboff|desktop\u00bb header_2_font_size_phone=\u00bb30px\u00bb header_2_font_size_last_edited=\u00bboff|desktop\u00bb global_colors_info=\u00bb{}\u00bb]<\/p>\n<h3><span style=\"color: #e62850;\">03.<\/span><\/h3>\n<p class=\"p1\"><span class=\"s1\">Disfunciones del lenguaje en la expresi\u00f3n oral y\/o escrita<\/span> :<\/p>\n<p class=\"p1\"><b>TDL<\/b> : trastorno idiop\u00e1tico del desarrollo del lenguaje simple y\/o severo en la adquisici\u00f3n del lenguaje.<\/p>\n<ul><\/ul>\n<p>[\/et_pb_text][et_pb_text _builder_version=\u00bb4.16&#8243; text_font=\u00bbRubik|500|||||||\u00bb text_font_size=\u00bb16px\u00bb text_line_height=\u00bb2em\u00bb ul_font=\u00bb|300|||||||\u00bb header_font=\u00bb||||||||\u00bb header_2_font=\u00bb||||||||\u00bb header_3_font=\u00bbRubik|700|||||||\u00bb header_3_text_color=\u00bb#2b76df\u00bb header_3_font_size=\u00bb42px\u00bb header_5_font=\u00bb|600|||||||\u00bb max_width=\u00bb700px\u00bb module_alignment=\u00bbcenter\u00bb custom_margin=\u00bb||10px|||\u00bb custom_margin_tablet=\u00bb0px|||\u00bb custom_margin_last_edited=\u00bboff|desktop\u00bb animation_style=\u00bbzoom\u00bb animation_intensity_zoom=\u00bb10%\u00bb text_line_height_last_edited=\u00bboff|desktop\u00bb header_2_font_size_phone=\u00bb30px\u00bb header_2_font_size_last_edited=\u00bboff|desktop\u00bb global_colors_info=\u00bb{}\u00bb]<\/p>\n<h3><span style=\"color: #e62850;\">04.<\/span><\/h3>\n<p class=\"p1\"><b>Fluidez verbal, vocalizaci\u00f3n y dicci\u00f3n:<\/b><br \/>Taquifemia \/ taquilalia: habla muy r\u00e1pida y sin vocalizaci\u00f3n<\/p>\n<ul><\/ul>\n<p>[\/et_pb_text][et_pb_text _builder_version=\u00bb4.16&#8243; text_font=\u00bbRubik|500|||||||\u00bb text_font_size=\u00bb16px\u00bb text_line_height=\u00bb2em\u00bb ul_font=\u00bb|300|||||||\u00bb header_font=\u00bb||||||||\u00bb header_2_font=\u00bb||||||||\u00bb header_3_font=\u00bbRubik|700|||||||\u00bb header_3_text_color=\u00bb#2b76df\u00bb header_3_font_size=\u00bb42px\u00bb header_5_font=\u00bb|600|||||||\u00bb max_width=\u00bb700px\u00bb module_alignment=\u00bbcenter\u00bb custom_margin=\u00bb||10px|||\u00bb custom_margin_tablet=\u00bb0px|||\u00bb custom_margin_last_edited=\u00bboff|desktop\u00bb animation_style=\u00bbzoom\u00bb animation_intensity_zoom=\u00bb10%\u00bb text_line_height_last_edited=\u00bboff|desktop\u00bb header_2_font_size_phone=\u00bb30px\u00bb header_2_font_size_last_edited=\u00bboff|desktop\u00bb global_colors_info=\u00bb{}\u00bb]<\/p>\n<h3><span style=\"color: #e62850;\">05.<\/span><\/h3>\n<p class=\"p1\"><span class=\"s1\">Dislalia<\/span> : Dificultad funcional<\/p>\n<ul><\/ul>\n<p>[\/et_pb_text][et_pb_text _builder_version=\u00bb4.16&#8243; text_font=\u00bbRubik|500|||||||\u00bb text_font_size=\u00bb16px\u00bb text_line_height=\u00bb2em\u00bb ul_font=\u00bb|300|||||||\u00bb header_font=\u00bb||||||||\u00bb header_2_font=\u00bb||||||||\u00bb header_3_font=\u00bbRubik|700|||||||\u00bb header_3_text_color=\u00bb#2b76df\u00bb header_3_font_size=\u00bb42px\u00bb header_5_font=\u00bb|600|||||||\u00bb max_width=\u00bb700px\u00bb module_alignment=\u00bbcenter\u00bb custom_margin=\u00bb||10px|||\u00bb custom_margin_tablet=\u00bb0px|||\u00bb custom_margin_last_edited=\u00bboff|desktop\u00bb animation_style=\u00bbzoom\u00bb animation_intensity_zoom=\u00bb10%\u00bb text_line_height_last_edited=\u00bboff|desktop\u00bb header_2_font_size_phone=\u00bb30px\u00bb header_2_font_size_last_edited=\u00bboff|desktop\u00bb global_colors_info=\u00bb{}\u00bb]<\/p>\n<h3><span style=\"color: #e62850;\">06.<\/span><\/h3>\n<p class=\"p1\"><span class=\"s1\">Confusiones fonol\u00f3gicas<\/span><\/p>\n<p class=\"p1\">Inadecuada ubicaci\u00f3n a la hora de hablar en los puntos y modos de articulaci\u00f3n.<\/p>\n<ul><\/ul>\n<p>[\/et_pb_text][et_pb_text _builder_version=\u00bb4.16&#8243; text_font=\u00bbRubik|500|||||||\u00bb text_font_size=\u00bb16px\u00bb text_line_height=\u00bb2em\u00bb ul_font=\u00bb|300|||||||\u00bb header_font=\u00bb||||||||\u00bb header_2_font=\u00bb||||||||\u00bb header_3_font=\u00bbRubik|700|||||||\u00bb header_3_text_color=\u00bb#2b76df\u00bb header_3_font_size=\u00bb42px\u00bb header_5_font=\u00bb|600|||||||\u00bb max_width=\u00bb700px\u00bb module_alignment=\u00bbcenter\u00bb custom_margin=\u00bb|||\u00bb custom_margin_tablet=\u00bb0px|||\u00bb custom_margin_last_edited=\u00bboff|desktop\u00bb animation_style=\u00bbzoom\u00bb animation_intensity_zoom=\u00bb10%\u00bb text_line_height_last_edited=\u00bboff|desktop\u00bb header_2_font_size_phone=\u00bb30px\u00bb header_2_font_size_last_edited=\u00bboff|desktop\u00bb global_colors_info=\u00bb{}\u00bb]<\/p>\n<h3><span style=\"color: #e62850;\">07.<\/span><\/h3>\n<p class=\"p1\"><span class=\"s1\">Disfemia<\/span> : tartamudez y difluencia del habla.<\/p>\n<ul><\/ul>\n<ul><\/ul>\n<p>[\/et_pb_text][\/et_pb_column][et_pb_column type=\u00bb1_2&#8243; _builder_version=\u00bb4.16&#8243; custom_padding=\u00bb|||\u00bb global_colors_info=\u00bb{}\u00bb custom_padding__hover=\u00bb|||\u00bb][et_pb_text _builder_version=\u00bb4.21.0&#8243; text_font=\u00bbRubik|500|||||||\u00bb text_font_size=\u00bb16px\u00bb text_line_height=\u00bb2em\u00bb ul_font=\u00bb|300|||||||\u00bb header_font=\u00bb||||||||\u00bb header_2_font=\u00bb||||||||\u00bb header_3_font=\u00bbRubik|700|||||||\u00bb header_3_text_color=\u00bb#2b76df\u00bb header_3_font_size=\u00bb42px\u00bb header_5_font=\u00bb|600|||||||\u00bb max_width=\u00bb700px\u00bb module_alignment=\u00bbcenter\u00bb custom_margin=\u00bb||9px|||\u00bb custom_margin_tablet=\u00bb0px|||\u00bb custom_margin_last_edited=\u00bboff|desktop\u00bb animation_style=\u00bbzoom\u00bb animation_intensity_zoom=\u00bb10%\u00bb text_line_height_last_edited=\u00bboff|desktop\u00bb header_2_font_size_phone=\u00bb30px\u00bb header_2_font_size_last_edited=\u00bboff|desktop\u00bb global_colors_info=\u00bb{}\u00bb]<\/p>\n<h3><span style=\"color: #e62850;\">08.<\/span><\/h3>\n<p class=\"p1\"><span class=\"s1\">Disfunciones Orofaciales:<\/span><\/p>\n<p class=\"p1\">La terapia Orofacial se aplica a todas aquellas patolog\u00edas que comparten desajustes en los \u00f3rganos orofaciales y que dificultan: la masticaci\u00f3n, respiraci\u00f3n, degluci\u00f3n y fonaci\u00f3n.<\/p>\n<ul class=\"ul1\">\n<li class=\"li1\"><span class=\"s2\"><\/span>Inadecuada posici\u00f3n lingual. Interposici\u00f3n lingual y labial<\/li>\n<li class=\"li1\"><span class=\"s2\"><\/span>Succi\u00f3n digital y\/o labial<\/li>\n<li class=\"li1\"><span class=\"s2\"><\/span>Onicofagia (morderse las u\u00f1as), que repercute en el desarrollo de la articulaci\u00f3n temporomandibular (ATM)<\/li>\n<li class=\"li1\"><span class=\"s2\"><\/span>Respiraci\u00f3n oral<\/li>\n<li class=\"li1\"><span class=\"s2\"><\/span>Respiraci\u00f3n mixta<\/li>\n<li class=\"li1\"><span class=\"s2\"><\/span>Masticaci\u00f3n<\/li>\n<li class=\"li1\"><span class=\"s2\"><\/span>Degluci\u00f3n<\/li>\n<li class=\"li1\"><span class=\"s2\"><\/span>Degluci\u00f3n at\u00edpica. Tratamiento con Terapia Miofuncional<\/li>\n<li class=\"li1\"><span class=\"s2\"><\/span>Disfunciones craneofaciales<\/li>\n<li class=\"li1\"><span class=\"s2\"><\/span>Malformaciones craneofaciales cong\u00e9nitas y adquiridas:<\/li>\n<li class=\"li1\"><span class=\"s2\"><\/span>Anquilosis temporomandibular<\/li>\n<li class=\"li1\"><span class=\"s2\"><\/span>Fisuras labiopalatinas<\/li>\n<li class=\"li1\"><span class=\"s2\"><\/span>Maloclusi\u00f3n:<\/li>\n<\/ul>\n<ul class=\"ul2\">\n<li class=\"li1\"><span class=\"s2\"><\/span>Clase I: es el mordisco que se encuentra en neutrooclusi\u00f3n y, por tanto, en la normalidad, a excepci\u00f3n de que haya un api\u00f1amiento o diastema notable.<\/li>\n<li class=\"li1\"><span class=\"s2\"><\/span>Clase 2: prognatismo maxilar, retrospecci\u00f3n mandibular y\/o la combinaci\u00f3n de ambas cuya arcada superior se encuentra avanzada respecto al inferior. Protrusi\u00f3n dental<\/li>\n<li class=\"li1\"><span class=\"s2\"><\/span>Clase 3: La mand\u00edbula tiene un crecimiento excesivo respecto al maxilar y el arco inferior est\u00e1 avanzado respecto a la superior.<\/li>\n<li class=\"li1\"><span class=\"s2\"><\/span>Sobremordida: se da cuando los dientes del maxilar superior tapan los dientes del maxilar inferior de forma amplia o total.<\/li>\n<li class=\"li1\"><span class=\"s2\"><\/span>Mordedura cruzada uni y\/o bilateral: se da cuando los dientes de arriba se encuentran por debajo de los dientes de abajo a la hora de la oclusi\u00f3n.<\/li>\n<li class=\"li1\"><span class=\"s2\"><\/span>Alteraciones de la resonancia: Hipo e Hipernasalidad<\/li>\n<li class=\"li1\"><span class=\"s2\"><\/span>Disglosia \/ Dislalia Org\u00e1nica: Alteraci\u00f3n o defecto de la articulaci\u00f3n de los fonemas producida por anomal\u00edas cong\u00e9nitas o adquiridas en los \u00f3rganos del habla.<\/li>\n<\/ul>\n<ul><\/ul>\n<p>[\/et_pb_text][et_pb_text _builder_version=\u00bb4.16&#8243; text_font=\u00bbRubik|500|||||||\u00bb text_font_size=\u00bb16px\u00bb text_line_height=\u00bb2em\u00bb ul_font=\u00bb|300|||||||\u00bb header_font=\u00bb||||||||\u00bb header_2_font=\u00bb||||||||\u00bb header_3_font=\u00bbRubik|700|||||||\u00bb header_3_text_color=\u00bb#2b76df\u00bb header_3_font_size=\u00bb42px\u00bb header_5_font=\u00bb|600|||||||\u00bb max_width=\u00bb700px\u00bb module_alignment=\u00bbcenter\u00bb custom_margin=\u00bb||4px|||\u00bb custom_margin_tablet=\u00bb0px|||\u00bb custom_margin_last_edited=\u00bboff|desktop\u00bb animation_style=\u00bbzoom\u00bb animation_intensity_zoom=\u00bb10%\u00bb text_line_height_last_edited=\u00bboff|desktop\u00bb header_2_font_size_phone=\u00bb30px\u00bb header_2_font_size_last_edited=\u00bboff|desktop\u00bb global_colors_info=\u00bb{}\u00bb]<\/p>\n<h3><span style=\"color: #e62850;\">09.<\/span><\/h3>\n<p class=\"p1\"><span class=\"s1\">Exploraci\u00f3n y tratamiento de la afasia infantil y en la etapa adulta<\/span> :<\/p>\n<p class=\"p1\">P\u00e9rdida parcial o completa de la capacidad de expresarse o comprender el lenguaje, producida por lesiones cerebrales de tipo org\u00e1nico y\/o por traumatismos craneales.<\/p>\n<ul><\/ul>\n<p>[\/et_pb_text][et_pb_text _builder_version=\u00bb4.16&#8243; text_font=\u00bbRubik|500|||||||\u00bb text_font_size=\u00bb16px\u00bb text_line_height=\u00bb2em\u00bb ul_font=\u00bb|300|||||||\u00bb header_font=\u00bb||||||||\u00bb header_2_font=\u00bb||||||||\u00bb header_3_font=\u00bbRubik|700|||||||\u00bb header_3_text_color=\u00bb#2b76df\u00bb header_3_font_size=\u00bb42px\u00bb header_5_font=\u00bb|600|||||||\u00bb max_width=\u00bb700px\u00bb module_alignment=\u00bbcenter\u00bb custom_margin=\u00bb||5px|||\u00bb custom_margin_tablet=\u00bb0px|||\u00bb custom_margin_last_edited=\u00bboff|desktop\u00bb animation_style=\u00bbzoom\u00bb animation_intensity_zoom=\u00bb10%\u00bb text_line_height_last_edited=\u00bboff|desktop\u00bb header_2_font_size_phone=\u00bb30px\u00bb header_2_font_size_last_edited=\u00bboff|desktop\u00bb global_colors_info=\u00bb{}\u00bb]<\/p>\n<h3><span style=\"color: #e62850;\">10.<\/span><\/h3>\n<p class=\"p1\"><span class=\"s1\">Exploraci\u00f3n de afasia y disartria<\/span> :<\/p>\n<p class=\"p1\">Articulaci\u00f3n defectuosa, producida por par\u00e1lisis o ataxia (incoordinaci\u00f3n de los movimientos voluntarios) del sistema nervioso central (SNC) que rigen los m\u00fasculos del habla.<\/p>\n<ul><\/ul>\n<p>[\/et_pb_text][et_pb_text _builder_version=\u00bb4.21.0&#8243; text_font=\u00bbRubik|500|||||||\u00bb text_font_size=\u00bb16px\u00bb text_line_height=\u00bb2em\u00bb ul_font=\u00bb|300|||||||\u00bb header_font=\u00bb||||||||\u00bb header_2_font=\u00bb||||||||\u00bb header_3_font=\u00bbRubik|700|||||||\u00bb header_3_text_color=\u00bb#2b76df\u00bb header_3_font_size=\u00bb42px\u00bb header_5_font=\u00bb|600|||||||\u00bb max_width=\u00bb700px\u00bb module_alignment=\u00bbcenter\u00bb custom_margin=\u00bb||5px|||\u00bb custom_margin_tablet=\u00bb0px|||\u00bb custom_margin_last_edited=\u00bboff|desktop\u00bb custom_padding=\u00bb2px|||||\u00bb animation_style=\u00bbzoom\u00bb animation_intensity_zoom=\u00bb10%\u00bb text_line_height_last_edited=\u00bboff|desktop\u00bb header_2_font_size_phone=\u00bb30px\u00bb header_2_font_size_last_edited=\u00bboff|desktop\u00bb global_colors_info=\u00bb{}\u00bb]<\/p>\n<h3><span style=\"color: #e62850;\">11.<\/span><\/h3>\n<p class=\"p1\"><span class=\"s1\">Enfermedades Degenerativas<\/span><\/p>\n<p class=\"p1\">Parkinson, Alzheimer y Accidentes Vasculares Cerebrales (AVC) durante la tercera edad.<\/p>\n<ul><\/ul>\n<p>[\/et_pb_text][et_pb_text _builder_version=\u00bb4.16&#8243; text_font=\u00bbRubik|500|||||||\u00bb text_font_size=\u00bb16px\u00bb text_line_height=\u00bb2em\u00bb ul_font=\u00bb|300|||||||\u00bb header_font=\u00bb||||||||\u00bb header_2_font=\u00bb||||||||\u00bb header_3_font=\u00bbRubik|700|||||||\u00bb header_3_text_color=\u00bb#2b76df\u00bb header_3_font_size=\u00bb42px\u00bb header_5_font=\u00bb|600|||||||\u00bb max_width=\u00bb700px\u00bb module_alignment=\u00bbcenter\u00bb custom_margin=\u00bb|||\u00bb custom_margin_tablet=\u00bb0px|||\u00bb custom_margin_last_edited=\u00bboff|desktop\u00bb animation_style=\u00bbzoom\u00bb animation_intensity_zoom=\u00bb10%\u00bb text_line_height_last_edited=\u00bboff|desktop\u00bb header_2_font_size_phone=\u00bb30px\u00bb header_2_font_size_last_edited=\u00bboff|desktop\u00bb global_colors_info=\u00bb{}\u00bb]<\/p>\n<h3><span style=\"color: #e62850;\">12.<\/span><\/h3>\n<p class=\"p1\">Laringectomizados<\/p>\n<p>[\/et_pb_text][\/et_pb_column][\/et_pb_row][\/et_pb_section]<\/p>\n","protected":false},"excerpt":{"rendered":"<p>&nbsp; La comunicaci\u00f3n verbal necesita siempre el mensaje hablado. Por eso, la dicci\u00f3n debe ser siempre clara y comprensible.01. Estimulaci\u00f3n del habla y del lenguaje02. Retraso del habla y del lenguaje03. Disfunciones del lenguaje en la expresi\u00f3n oral y\/o escrita : TDL : trastorno idiop\u00e1tico del desarrollo del lenguaje simple y\/o severo en la adquisici\u00f3n [&hellip;]<\/p>\n","protected":false},"author":2,"featured_media":0,"parent":0,"menu_order":0,"comment_status":"closed","ping_status":"closed","template":"","meta":{"_et_pb_use_builder":"on","_et_pb_old_content":"","_et_gb_content_width":"","footnotes":""},"class_list":["post-1247","page","type-page","status-publish","hentry"],"_links":{"self":[{"href":"https:\/\/nuriamayola.com\/es\/wp-json\/wp\/v2\/pages\/1247","targetHints":{"allow":["GET"]}}],"collection":[{"href":"https:\/\/nuriamayola.com\/es\/wp-json\/wp\/v2\/pages"}],"about":[{"href":"https:\/\/nuriamayola.com\/es\/wp-json\/wp\/v2\/types\/page"}],"author":[{"embeddable":true,"href":"https:\/\/nuriamayola.com\/es\/wp-json\/wp\/v2\/users\/2"}],"replies":[{"embeddable":true,"href":"https:\/\/nuriamayola.com\/es\/wp-json\/wp\/v2\/comments?post=1247"}],"version-history":[{"count":7,"href":"https:\/\/nuriamayola.com\/es\/wp-json\/wp\/v2\/pages\/1247\/revisions"}],"predecessor-version":[{"id":1393,"href":"https:\/\/nuriamayola.com\/es\/wp-json\/wp\/v2\/pages\/1247\/revisions\/1393"}],"wp:attachment":[{"href":"https:\/\/nuriamayola.com\/es\/wp-json\/wp\/v2\/media?parent=1247"}],"curies":[{"name":"wp","href":"https:\/\/api.w.org\/{rel}","templated":true}]}}